{"id":968,"date":"2024-07-16T08:10:24","date_gmt":"2024-07-16T08:10:24","guid":{"rendered":"https:\/\/bluemobility.formenteralines.dev\/?page_id=968"},"modified":"2025-11-26T08:43:13","modified_gmt":"2025-11-26T08:43:13","slug":"inicio","status":"publish","type":"page","link":"https:\/\/bluemobility.formenteralines.com\/en\/","title":{"rendered":"Blue Mobility\u200e"},"content":{"rendered":"<div id=\"cs-content\" class=\"cs-content\"><div class=\"x-section x-hide-sm x-hide-xs e968-e1 mqw-0 mqw-1 mqw-2 mqw-3 mqw-4 mqw-5\" id=\"inicio\"><div class=\"x-bg\" aria-hidden=\"true\"><div class=\"x-bg-layer-lower-image\"><\/div><\/div><div class=\"x-row x-container max width e968-e2 mqw-e mqw-f mqw-g mqw-h mqw-n mqw-o\"><div class=\"x-row-inner\"><div class=\"x-col e968-e3 mqw-18 mqw-19 mqw-1a mqw-1b mqw-1c\"><span class=\"x-image e968-e4 mqw-1k mqw-1l mqw-1m mqw-1n\"><img decoding=\"async\" src=\"https:\/\/bluemobility.formenteralines.com\/wp-content\/uploads\/2024\/08\/BONO-HOTEL-FERRY-1200-x-628-px-6-1.png\" width=\"484\" height=\"110\" alt=\"Image\" loading=\"lazy\"><\/span><div class=\"x-text x-text-headline e968-e5 mqw-1r mqw-1s mqw-1t mqw-1u mqw-1v mqw-1w mqw-1x\"><div class=\"x-text-content\"><div class=\"x-text-content-text\"><h1 class=\"x-text-content-text-primary\">\u00a1Visita Formentera con Blue Mobility!<\/h1>\n<\/div><\/div><\/div><div class=\"x-text x-content e968-e6 mqw-2c mqw-2d mqw-2e mqw-2f mqw-2g\"><p>Con nuestra iniciativa de Blue Mobility,\n<\/br>podr\u00e1s alquilar una <strong>bicicleta el\u00e9ctrica<\/strong> en el <\/br>puerto de La Savina.<\/p><\/div><\/div><div class=\"x-col e968-e7 mqw-18 mqw-19 mqw-1a mqw-1d\"><\/div><\/div><\/div><\/div><div class=\"x-section x-hide-lg x-hide-md x-hide-xl e968-e8 mqw-0 mqw-2 mqw-3 mqw-4 mqw-6\"><div class=\"x-bg\" aria-hidden=\"true\"><div class=\"x-bg-layer-lower-image\"><\/div><\/div><div class=\"x-row x-container max width e968-e9 mqw-e mqw-i mqw-j mqw-n mqw-p\"><div class=\"x-row-inner\"><div class=\"x-col x-hide-md x-hide-sm x-hide-xs e968-e10 mqw-18 mqw-19 mqw-1a mqw-1d\"><\/div><div class=\"x-col e968-e11 mqw-18 mqw-19 mqw-1a mqw-1d\"><div class=\"x-div e968-e12 mqw-2m\"><div class=\"x-text x-text-headline x-hide-lg x-hide-md x-hide-sm x-hide-xl x-hide-xs e968-e13 mqw-1r mqw-1t mqw-1u mqw-1y mqw-1z mqw-20 mqw-21 mqw-22 mqw-23\"><div class=\"x-text-content\"><div class=\"x-text-content-text\"><h2 class=\"x-text-content-text-primary\">Blue Mobility\n<\/br>by Formentera Lines<\/h2>\n<\/div><\/div><\/div><span class=\"x-image e968-e14 mqw-1l mqw-1m mqw-1o\"><img decoding=\"async\" src=\"https:\/\/bluemobility.formenteralines.com\/wp-content\/uploads\/2024\/08\/BONO-HOTEL-FERRY-1200-x-628-px-6-1.png\" width=\"484\" height=\"110\" alt=\"Image\" loading=\"lazy\"><\/span><div class=\"x-text x-text-headline e968-e15 mqw-1r mqw-1t mqw-1u mqw-1v mqw-1w mqw-20 mqw-24 mqw-25\"><div class=\"x-text-content\"><div class=\"x-text-content-text\"><h2 class=\"x-text-content-text-primary\">\u00a1Visita Formentera con Blue Mobility!<\/h2>\n<\/div><\/div><\/div><\/div><div class=\"x-div e968-e16 mqw-2m\"><div class=\"x-text x-content e968-e17 mqw-2c mqw-2d mqw-2g mqw-2h mqw-2i\"><p data-pm-slice=\"1 1 []\">Con nuestra iniciativa de <strong>Blue Mobility<\/strong>, podr\u00e1s alquilar una bicicleta el\u00e9ctrica en el puerto de La Savina.<\/p><\/div><\/div><\/div><\/div><\/div><\/div><div class=\"x-section x-hide-sm x-hide-xs e968-e18 mqw-0 mqw-7 mqw-8 mqw-9 mqw-a\" id=\"bluemobility\"><div class=\"x-row x-container max width e968-e19 mqw-e mqw-g mqw-j mqw-k mqw-l mqw-n mqw-q\"><div class=\"x-row-inner\"><div class=\"x-col e968-e20 mqw-18 mqw-19 mqw-1a mqw-1d mqw-1e\"><span class=\"x-image x-hide-sm x-hide-xs e968-e21 mqw-1l mqw-1m mqw-1n mqw-1o mqw-1p\"><img decoding=\"async\" src=\"https:\/\/bluemobility.formenteralines.com\/wp-content\/uploads\/2023\/05\/ECOPASS-leaf.png\" width=\"250\" height=\"175\" alt=\"Image\" loading=\"lazy\"><\/span><\/div><div class=\"x-col e968-e22 mqw-18 mqw-19 mqw-1a mqw-1f mqw-1g mqw-1h\"><div class=\"x-text x-text-headline e968-e23 mqw-1r mqw-1t mqw-1u mqw-1v mqw-1w mqw-20 mqw-23 mqw-24\"><div class=\"x-text-content\"><div class=\"x-text-content-text\"><h2 class=\"x-text-content-text-primary\">Blue Mobility<\/h2>\n<\/div><\/div><\/div><div class=\"x-text x-content e968-e24 mqw-2c mqw-2d mqw-2e mqw-2g mqw-2i mqw-2j\"><p><span data-contrast=\"auto\">Formentera apuesta por la movilidad sostenible para las islas y se compromete con la conservaci\u00f3n del medio ambiente y por la lucha contra el cambio clim\u00e1tico; con el fin de mejorar la calidad de las Pitiusas en beneficio de todo el mundo.\u202f<\/span><span data-ccp-props=\"{&quot;201341983&quot;:0,&quot;335559739&quot;:160,&quot;335559740&quot;:278}\">\u00a0<\/span><\/p>\n<p><span data-contrast=\"auto\">Por eso, con nuestra iniciativa de <\/span><b><span data-contrast=\"auto\">Blue Mobility<\/span><\/b><span data-contrast=\"auto\">, podr\u00e1s alquilar una bicicleta el\u00e9ctrica en el puerto de La Savina.\u202f<\/span><span data-ccp-props=\"{&quot;201341983&quot;:0,&quot;335559739&quot;:160,&quot;335559740&quot;:278}\">\u00a0<\/span><\/p>\n<p><span data-contrast=\"auto\">Recorre la isla de Formentera, enam\u00f3rate de sus pueblos y sus playas de la manera m\u00e1s ecol\u00f3gica.\u202f<\/span><span data-ccp-props=\"{&quot;201341983&quot;:0,&quot;335559739&quot;:160,&quot;335559740&quot;:278}\">\u00a0<\/span><\/p>\n<p><strong>\u00a1Visita Formentera con Blue Mobility!<\/strong><\/p><\/div><\/div><\/div><\/div><\/div><div class=\"x-section x-hide-lg x-hide-md x-hide-xl e968-e25 mqw-0 mqw-7 mqw-8 mqw-9 mqw-a\"><div class=\"x-row x-container max width e968-e26 mqw-e mqw-g mqw-j mqw-k mqw-l mqw-n mqw-r\"><div class=\"x-row-inner\"><div class=\"x-col e968-e27 mqw-18 mqw-19 mqw-1a mqw-1d mqw-1e\"><span class=\"x-image x-hide-sm x-hide-xs e968-e28 mqw-1l mqw-1m mqw-1n mqw-1o mqw-1p\"><img decoding=\"async\" src=\"https:\/\/bluemobility.formenteralines.com\/wp-content\/uploads\/2024\/07\/formenterascooter.png\" width=\"591\" height=\"472\" alt=\"Image\" loading=\"lazy\"><\/span><\/div><div class=\"x-col e968-e29 mqw-18 mqw-19 mqw-1a mqw-1f mqw-1g mqw-1h\"><div class=\"x-text x-text-headline e968-e30 mqw-1r mqw-1t mqw-1u mqw-1v mqw-1w mqw-20 mqw-23 mqw-24\"><div class=\"x-text-content\"><div class=\"x-text-content-text\"><h2 class=\"x-text-content-text-primary\">Blue Mobility<\/h2>\n<\/div><\/div><\/div><div class=\"x-text x-content e968-e31 mqw-2c mqw-2d mqw-2e mqw-2g mqw-2i mqw-2j\"><p><span data-contrast=\"auto\">Formentera apuesta por la movilidad sostenible para las islas y se compromete con la conservaci\u00f3n del medio ambiente y por la lucha contra el cambio clim\u00e1tico; con el fin de mejorar la calidad de las Pitiusas en beneficio de todo el mundo.\u202f<\/span><span data-ccp-props=\"{&quot;201341983&quot;:0,&quot;335559739&quot;:160,&quot;335559740&quot;:278}\">\u00a0<\/span><\/p>\n<p><span data-contrast=\"auto\">Por eso, con nuestra iniciativa de <\/span><b><span data-contrast=\"auto\">Blue Mobility<\/span><\/b><span data-contrast=\"auto\">, podr\u00e1s alquilar una bicicleta el\u00e9ctrica en el puerto de La Savina.\u202f<\/span><span data-ccp-props=\"{&quot;201341983&quot;:0,&quot;335559739&quot;:160,&quot;335559740&quot;:278}\">\u00a0<\/span><\/p>\n<p><span data-contrast=\"auto\">Recorre la isla de Formentera, enam\u00f3rate de sus pueblos y sus playas de la manera m\u00e1s ecol\u00f3gica.\u202f<\/span><span data-ccp-props=\"{&quot;201341983&quot;:0,&quot;335559739&quot;:160,&quot;335559740&quot;:278}\">\u00a0<\/span><\/p>\n<p><strong>\u00a1Visita Formentera con Blue Mobility!<\/strong><\/p><\/div><\/div><\/div><\/div><\/div><div class=\"x-section x-hide-sm x-hide-xs e968-e32 mqw-0 mqw-7 mqw-9 mqw-b\" id=\"reserva\"><div class=\"x-row x-container max width e968-e33 mqw-e mqw-g mqw-h mqw-k mqw-n mqw-s\"><div class=\"x-row-inner\"><div class=\"x-col e968-e34 mqw-18 mqw-19 mqw-1a mqw-1d\"><div class=\"x-row e968-e35 mqw-e mqw-g mqw-h mqw-k mqw-n mqw-t\"><div class=\"x-row-inner\"><div class=\"x-col e968-e36 mqw-18 mqw-19 mqw-1a mqw-1d\"><div class=\"x-text x-text-headline e968-e37 mqw-1r mqw-1t mqw-1u mqw-1z mqw-20 mqw-21 mqw-22 mqw-23 mqw-26 mqw-27\"><div class=\"x-text-content\"><div class=\"x-text-content-text\"><h2 class=\"x-text-content-text-primary\"><p>Blue Mobility<br \/>\nDescubre Formentera de forma eco-friendly\n<\/p><\/h2>\n<\/div><\/div><\/div><\/div><\/div><\/div><div class=\"x-row e968-e38 mqw-e mqw-g mqw-h mqw-k mqw-n mqw-u\"><div class=\"x-row-inner\"><div class=\"x-col e968-e39 mqw-19 mqw-1a mqw-1c mqw-1h mqw-1i\"><div class=\"x-text x-text-headline e968-e41 mqw-1r mqw-1t mqw-1u mqw-1v mqw-1z mqw-20 mqw-22 mqw-23 mqw-27 mqw-28\"><div class=\"x-text-content\"><div class=\"x-text-content-text\"><h2 class=\"x-text-content-text-primary\">Servicio no disponible en temporada baja<\/h2>\n<\/div><\/div><\/div><\/div><\/div><\/div><\/div><\/div><\/div><span class=\"x-separator-bottom-curve-out\" style=\"bottom: 0px; height: 50px; color: #3f8bb6;\" aria-hidden=\"true\"><svg class=\"curve-bottom-out\" style=\"fill: currentColor;\" xmlns=\"http:\/\/www.w3.org\/2000\/svg\" version=\"1.1\" viewBox=\"0 0 100 50\" preserveAspectRatio=\"none\"><path d=\"M0,0c0,0,22.4,50,50,50s50-50,50-50\"\/><\/svg><\/span><\/div><div class=\"x-section x-hide-lg x-hide-md x-hide-xl e968-e43 mqw-0 mqw-7 mqw-9 mqw-b\"><div class=\"x-row x-container max width e968-e44 mqw-e mqw-g mqw-h mqw-k mqw-n mqw-v\"><div class=\"x-row-inner\"><div class=\"x-col e968-e45 mqw-18 mqw-19 mqw-1a mqw-1d\"><div class=\"x-row e968-e46 mqw-e mqw-g mqw-h mqw-k mqw-n mqw-w\"><div class=\"x-row-inner\"><div class=\"x-col e968-e47 mqw-18 mqw-19 mqw-1a mqw-1d\"><div class=\"x-text x-text-headline e968-e48 mqw-1r mqw-1t mqw-1u mqw-1z mqw-20 mqw-21 mqw-22 mqw-23 mqw-26 mqw-27\"><div class=\"x-text-content\"><div class=\"x-text-content-text\"><h2 class=\"x-text-content-text-primary\"><p>Blue Mobility<br \/>\nDescubre Formentera de forma eco-friendly<\/p><\/h2>\n<\/div><\/div><\/div><\/div><\/div><\/div><div class=\"x-row e968-e49 mqw-e mqw-g mqw-h mqw-k mqw-n mqw-x\"><div class=\"x-row-inner\"><div class=\"x-col e968-e50 mqw-19 mqw-1a mqw-1c mqw-1h mqw-1i\">\r\n<head>\r\n    <link href=\"https:\/\/cdn.jsdelivr.net\/npm\/bootstrap@5.3.3\/dist\/css\/bootstrap.min.css\" rel=\"stylesheet\">\r\n<\/head>\r\n<script src=\"https:\/\/cdn.jsdelivr.net\/npm\/bootstrap@5.3.3\/dist\/js\/bootstrap.bundle.min.js\"><\/script>\r\n\r\n<form id=\"booking-form\" class=\"w-100 p-3 d-flex flex-column motor motorMovil\" target=\"_blank\" action=\"#\" method=\"POST\" form-type=\"POST\">\r\n\r\n    <div style=\"height: 0px;\">\r\n        <input type=\"hidden\" name=\"idiomaSeleccionado\" id=\"idiomaSeleccionado\" value=\"EN\">\r\n        <input type=\"hidden\" name=\"url_motor\" id=\"url_motor\" value=\"https:\/\/booking.formenteralines.com\">\r\n        <input type=\"hidden\" name=\"promocion\" id=\"promocion\" value=\"\">\r\n        <input type=\"hidden\" name=\"solo_una_fecha\" id=\"solo_una_fecha\" value=\"1\">\r\n        <input type=\"hidden\" name=\"tipo_viaje\" id=\"tipo_viaje\" value=\"ida-vuelta\">\r\n        <input type=\"hidden\" name=\"primerdia\" id=\"primerdia\" value=\"28\/04\/2026\">\r\n        <input type=\"hidden\" name=\"puerto_inicial\" id=\"puerto_inicial\" value=\"1\">\r\n\r\n        <input type=\"hidden\" name=\"dias_semana_deshabilitados\" id=\"dias_semana_deshabilitados\" value='[]'>\r\n        <input type=\"hidden\" name=\"dias_mes_deshabilitados\" id=\"dias_mes_deshabilitados\" value='[]'>\r\n        <input type=\"hidden\" name=\"dias_deshabilitados\" id=\"dias_deshabilitados\" value='[]'>\r\n        <input type=\"hidden\" name=\"diasPeticionCalendario\" id=\"diasPeticionCalendario\" value='false'>\r\n        <input type=\"hidden\" name=\"rutas\" id=\"rutas\" value='[{\"id\":\"1\",\"nombre_ruta\":\"Ibiza-Formentera\",\"puerto_ida_id\":\"1\",\"puerto_vuelta_id\":\"2\"},{\"id\":\"2\",\"nombre_ruta\":\"Formentera-Ibiza\",\"puerto_ida_id\":\"2\",\"puerto_vuelta_id\":\"1\"}]'>\r\n        <input type=\"hidden\" name=\"puertos\" id=\"puertos\" value='[{\"id\":\"1\",\"nombre\":\"Ibiza\",\"valor\":\"ibi\",\"orden\":\"1\"},{\"id\":\"2\",\"nombre\":\"Formentera\",\"valor\":\"for\",\"orden\":\"2\"}]'>\r\n        <input type=\"hidden\" name=\"url_plugin_motor\" id=\"url_plugin_motor\" value='https:\/\/bluemobility.formenteralines.com\/wp-content\/plugins\/Motores\/'>\r\n\r\n\r\n        <input type=\"hidden\" name=\"canalreserva\" id=\"canalreserva\" value=\"https:\/\/bluemobility.formenteralines.com\/\">\r\n        <input type=\"hidden\" name=\"id_servicio\" id=\"id_servicio\" value=\"1003\">\r\n        <input type=\"hidden\" name=\"tipo_servicio\" id=\"tipo_servicio\" value=\"EXPERIENCIAS\">\r\n\r\n        <input type=\"hidden\" name=\"vehiculo\" id=\"vehiculo\" value=\"\">\r\n        <input type=\"hidden\" name=\"fechaini\" id=\"fechaini\" value=\"\">\r\n        <input type=\"hidden\" name=\"fechafin\" id=\"fechafin\" value=\"\">\r\n\r\n\t\t<input type=\"hidden\" name=\"hora_seleccionada\" id=\"hora_seleccionada\" value=\"\">\r\n\r\n        <input type=\"hidden\" name=\"background_boton_reservar\" id=\"background_boton_reservar\" value=\"#1580A0\">\r\n        <input type=\"hidden\" name=\"color_texto_boton_reservar\" id=\"color_texto_boton_reservar\" value=\"#ffffff\">\r\n        <input type=\"hidden\" name=\"background_caja_motor\" id=\"background_caja_motor\" value=\"rgba(255, 255, 255, 1)\">\r\n        <input type=\"hidden\" name=\"background_inputs_motor\" id=\"background_inputs_motor\" value=\"#efefef\">\r\n        <input type=\"hidden\" name=\"color_texto_labels_motor\" id=\"color_texto_labels_motor\" value=\"rgb(153, 153, 153)\">\r\n        <input type=\"hidden\" name=\"color_texto_inputs_motor\" id=\"color_texto_inputs_motor\" value=\"black\">\r\n        <input type=\"hidden\" name=\"movil_sin_padding_margin\" id=\"movil_sin_padding_margin\" value=\"1\">\r\n    <\/div>\r\n\r\n    <div class=\"w-100 pb-2\">\r\n        <div class=\"max-width-150px-md\">\r\n            <select id=\"tipoViaje\" class=\"form-select formColor inputColor\" aria-label=\"Default select example\">\r\n                <option class=\"inputColor\" value=\"ida\" >One way<\/option>\r\n                <option value=\"ida-vuelta\" selected>Return<\/option>\r\n            <\/select>\r\n        <\/div>\r\n    <\/div>\r\n\r\n    <div class=\"w-100 d-flex align-items-center justify-content-between pb-3 flex-md-row flex-column pt-md-1 pt-0\">\r\n        <div class=\"flex-2 pe-md-2 w-md-auto w-100\">\r\n            <select id=\"puertoIda\" name=\"origen\" class=\"form-select formColor inputColor\">\r\n                                    <option class=\"inputColor\" value=\"ibi\" data-id=\"1\">Ibiza<\/option>\r\n                                    <option class=\"inputColor\" value=\"for\" data-id=\"2\">Formentera<\/option>\r\n                            <\/select>\r\n        <\/div>\r\n\r\n\r\n        <div class=\"flex-2 pe-md-2 w-md-auto w-100 pt-md-0 pt-2\" style=\"\">\r\n            <select id=\"puertoVuelta\" name=\"destino\" class=\"form-select formColor inputColor\">\r\n                                    <option class=\"inputColor\" value=\"for\" data-id=\"2\">Formentera<\/option>\r\n                                    <option class=\"inputColor\" value=\"ibi\" data-id=\"1\">Ibiza<\/option>\r\n                            <\/select>\r\n        <\/div>\r\n\r\n        <div class=\"flex-3 pe-md-2 w-md-auto w-100 pt-md-0 pt-2\">\r\n            <input id=\"fecha-viaje\" name=\"fecha-viaje\" class=\"text-center form-control inputColor\" type=\"text\">\r\n        <\/div>\r\n\r\n\r\n        <div class=\"flex-2 pe-md-2 w-md-auto w-100 pt-md-0 pt-2 position-relative\">\r\n            <button id=\"btnOpenDropdownPasajeros\" type=\"button\" class=\"btn btn-secondary w-100 dropdown-btn position-relative formColor inputColor py-2\">\r\n                <span id=\"numeroPasajeros\">1<\/span>\r\n                Passenger(s)            <\/button>\r\n\r\n            <div id=\"dropdownContent\" class=\"dropdown-content\">\r\n                <div class=\"dropdown-box\">\r\n                    <div class=\"d-flex align-items-center justify-content-between h-70px border-bottom py-2\">\r\n                        <div class=\"d-flex flex-column justify-content-center flex-1\">\r\n                            <div class=\"textoAnosPasajeros\">Seniors<\/div>\r\n                            <div class=\"textoAnosPasajeros\">+59years<\/div>\r\n                        <\/div>\r\n                        <div class=\"flex-3 d-flex\">\r\n                            <div class=\"flex-1\">\r\n\r\n                            <\/div>\r\n                            <div class=\"d-flex justify-content-between align-items-center flex-1\">\r\n                                <div class=\"flex-2 pe-2\">\r\n                                    <button id=\"btnMenosSeniors\" type=\"button\" class=\"btnMasMenos rounded-circle\"> <i class=\"fas fa-minus\"><\/i> <\/button>\r\n                                <\/div>\r\n                                <div class=\"flex-3 pe-2\">\r\n                                    <input type=\"number\" class=\"inputNumPasajeros\" id=\"seniors\" name=\"seniors\" value=\"0\" \/>\r\n                                <\/div>\r\n                                <div class=\"flex-2 pe-2\">\r\n                                    <button id=\"btnMasSeniors\" type=\"button\" class=\"btnMasMenos rounded-circle\"> <i class=\"fas fa-plus\"><\/i> <\/button>\r\n                                <\/div>\r\n                            <\/div>\r\n                        <\/div>\r\n                    <\/div>\r\n\r\n                    <div class=\"d-flex align-items-center justify-content-between h-70px border-bottom py-2\">\r\n                        <div class=\"d-flex flex-column justify-content-center flex-1\">\r\n                            <div class=\"textoAnosPasajeros\">Adults<\/div>\r\n                            <div class=\"textoAnosPasajeros\">14-59years<\/div>\r\n                        <\/div>\r\n                        <div class=\"flex-3 d-flex\">\r\n                            <div class=\"flex-1\">\r\n\r\n                            <\/div>\r\n                            <div class=\"d-flex justify-content-between align-items-center flex-1\">\r\n                                <div class=\"flex-2 pe-2\">\r\n                                    <button id=\"btnMenosAdultos\" type=\"button\" class=\"btnMasMenos rounded-circle\"> <i class=\"fas fa-minus\"><\/i> <\/button>\r\n                                <\/div>\r\n                                <div class=\"flex-3 pe-2\">\r\n                                    <input type=\"number\" class=\"inputNumPasajeros\" id=\"adultos\" name=\"adultos\" value=\"1\" \/>\r\n                                <\/div>\r\n                                <div class=\"flex-2 pe-2\">\r\n                                    <button id=\"btnMasAdultos\" type=\"button\" class=\"btnMasMenos rounded-circle\"> <i class=\"fas fa-plus\"><\/i> <\/button>\r\n                                <\/div>\r\n                            <\/div>\r\n                        <\/div>\r\n\r\n                    <\/div>\r\n\r\n                    \t\t\t\t\t\r\n\t\t\t\t\t    <div class=\"d-flex align-items-center justify-content-between h-70px border-bottom py-2 d-none\">\r\n                            <div class=\"d-flex flex-column justify-content-center flex-1\">\r\n                                <div class=\"textoAnosPasajeros\">Children<\/div>\r\n                                <div class=\"textoAnosPasajeros\">4-13years<\/div>\r\n                            <\/div>\r\n                            <div class=\"flex-3 d-flex\">\r\n                                <div class=\"flex-1\">\r\n\r\n                                <\/div>\r\n                                <div class=\"d-flex justify-content-between align-items-center flex-1\">\r\n                                    <div class=\"flex-2 pe-2\">\r\n                                        <button id=\"btnMenosNinos\" type=\"button\" class=\"btnMasMenos rounded-circle\"> <i class=\"fas fa-minus\"><\/i> <\/button>\r\n                                    <\/div>\r\n                                    <div class=\"flex-3 pe-2\">\r\n                                        <input type=\"number\" class=\"inputNumPasajeros\" id=\"ninos\" name=\"ninos\" value=\"0\" \/>\r\n                                    <\/div>\r\n                                    <div class=\"flex-2 pe-2\">\r\n                                        <button id=\"btnMasNinos\" type=\"button\" class=\"btnMasMenos rounded-circle\"> <i class=\"fas fa-plus\"><\/i> <\/button>\r\n                                    <\/div>\r\n                                <\/div>\r\n                            <\/div>\r\n\r\n                        <\/div>\r\n\t\t\t\t\t\r\n                        <div class=\"d-flex align-items-center justify-content-between h-70px border-bottom py-2 d-none\">\r\n                            <div class=\"d-flex flex-column justify-content-center flex-1\">\r\n                                <div class=\"textoAnosPasajeros\">Babies<\/div>\r\n                                <div class=\"textoAnosPasajeros\">0-3years<\/div>\r\n                            <\/div>\r\n                            <div class=\"flex-3 d-flex\">\r\n                                <div class=\"flex-1\">\r\n\r\n                                <\/div>\r\n                                <div class=\"d-flex justify-content-between align-items-center flex-1\">\r\n                                    <div class=\"flex-2 pe-2\">\r\n                                        <button id=\"btnMenosBebes\" type=\"button\" class=\"btnMasMenos rounded-circle\"> <i class=\"fas fa-minus\"><\/i> <\/button>\r\n                                    <\/div>\r\n                                    <div class=\"flex-3 pe-2\">\r\n                                        <input type=\"number\" class=\"inputNumPasajeros\" id=\"bebes\" name=\"bebes\" value=\"0\" \/>\r\n                                    <\/div>\r\n                                    <div class=\"flex-2 pe-2\">\r\n                                        <button id=\"btnMasBebes\" type=\"button\" class=\"btnMasMenos rounded-circle\"> <i class=\"fas fa-plus\"><\/i> <\/button>\r\n                                    <\/div>\r\n                                <\/div>\r\n                            <\/div>\r\n                        <\/div>\r\n\r\n                    \r\n                    <div class=\"d-flex align-items-center justify-content-between h-70px border-bottom py-2\">\r\n                        <div class=\"flex-1 d-flex flex-column justify-content-center\">\r\n                            <div class=\"textoAnosPasajeros\">Pets<\/div>\r\n                        <\/div>\r\n                        <div class=\"flex-3 d-flex\">\r\n                            <div class=\"flex-1\">\r\n\r\n                            <\/div>\r\n                            <div class=\"d-flex justify-content-between align-items-center flex-1\">\r\n                                <div class=\"flex-2 pe-2\">\r\n                                    <button id=\"btnMenosAnimalesCompania\" type=\"button\" class=\"btnMasMenos rounded-circle\"> <i class=\"fas fa-minus\"><\/i> <\/button>\r\n                                <\/div>\r\n                                <div class=\"flex-3 pe-2\">\r\n                                    <input type=\"number\" class=\"inputNumPasajeros\" id=\"mascotas\" name=\"mascotas\" value=\"0\" \/>\r\n                                <\/div>\r\n                                <div class=\"flex-2 pe-2\">\r\n                                    <button id=\"btnMasAnimalesCompania\" type=\"button\" class=\"btnMasMenos rounded-circle\"> <i class=\"fas fa-plus\"><\/i> <\/button>\r\n                                <\/div>\r\n                            <\/div>\r\n                        <\/div>\r\n\r\n                    <\/div>\r\n\r\n                                            <div class=\"form-check form-switch pt-3\">\r\n                            <input class=\"form-check-input\" type=\"checkbox\" role=\"switch\" id=\"isFamiliaNumerosa\">\r\n                            <label class=\"form-check-label\" for=\"isFamiliaNumerosa\">Large Family<\/label>\r\n                        <\/div>\r\n\r\n                        <div id=\"cajaRegimen\">\r\n                            <select id=\"familia\" name=\"familia\" class=\"form-select mt-3\">\r\n                                <option value=\"general\">Reg. General<\/option>\r\n                                <option value=\"especial\">Reg. Especial<\/option>\r\n                            <\/select>\r\n                        <\/div>\r\n                    \r\n                    <button type=\"button\" id=\"closeBtn\" class=\"close-btn btn btn-primary w-100 mt-2\">\r\n                        Cerrar\r\n                    <\/button>\r\n                <\/div>\r\n            <\/div>\r\n        <\/div>\r\n\r\n                    <div class=\"flex-3 pe-md-2 w-md-auto w-100 pt-md-0 pt-2\">\r\n                <input id=\"promo\" name=\"promo\" class=\"text-center form-control formColor inputColor\" type=\"text\" placeholder=\"promotional code\" value=\"\">\r\n            <\/div>\r\n        \r\n\r\n        <div class=\"flex-2 w-md-auto w-100 pt-md-0 pt-2\">\r\n            <button id=\"botonbuscar\" type=\"submit\" class=\"btn btn-primary w-100\">Book now<\/button>\r\n        <\/div>\r\n\r\n    <\/div>\r\n\r\n\r\n    \r\n\r\n<\/form>\r\n\r\n\r\n\r\n\r\n<script>document.addEventListener(\"DOMContentLoaded\", () => {onInit(\"movil\", \"28\/04\/2026\")});<\/script><\/div><\/div><\/div><\/div><\/div><\/div><span class=\"x-separator-bottom-curve-out\" style=\"bottom: 0px; height: 50px; color: #3f8bb6;\" aria-hidden=\"true\"><svg class=\"curve-bottom-out\" style=\"fill: currentColor;\" xmlns=\"http:\/\/www.w3.org\/2000\/svg\" version=\"1.1\" viewBox=\"0 0 100 50\" preserveAspectRatio=\"none\"><path d=\"M0,0c0,0,22.4,50,50,50s50-50,50-50\"\/><\/svg><\/span><\/div><div class=\"x-section x-hide-sm x-hide-xs e968-e53 mqw-0 mqw-3 mqw-9 mqw-c\" id=\"beneficios\"><div class=\"x-row x-container max width e968-e54 mqw-e mqw-g mqw-h mqw-k mqw-n mqw-y\"><div class=\"x-row-inner\"><div class=\"x-col e968-e55 mqw-18 mqw-19 mqw-1a mqw-1d\"><div class=\"x-row e968-e56 mqw-e mqw-g mqw-h mqw-k mqw-n mqw-z\"><div class=\"x-row-inner\"><div class=\"x-col e968-e57 mqw-18 mqw-19 mqw-1a mqw-1d\"><div class=\"x-text x-text-headline e968-e58 mqw-1r mqw-1u mqw-1z mqw-20 mqw-21 mqw-22 mqw-26 mqw-27 mqw-2a\"><div class=\"x-text-content\"><div class=\"x-text-content-text\"><h2 class=\"x-text-content-text-primary\">Beneficios<\/h2>\n<\/div><\/div><\/div><\/div><\/div><\/div><div class=\"x-row e968-e59 mqw-e mqw-g mqw-h mqw-k mqw-m mqw-n mqw-10\"><div class=\"x-row-inner\"><div class=\"x-col e968-e60 mqw-18 mqw-19 mqw-1e mqw-1f mqw-1j\"><span class=\"x-image e968-e61 mqw-1m mqw-1n mqw-1o mqw-1q\"><img decoding=\"async\" src=\"https:\/\/bluemobility.formenteralines.com\/wp-content\/uploads\/2024\/08\/earth-globe-surrounded-by-hands-1920x1281-1.jpg\" width=\"960\" height=\"640\" alt=\"Image\" loading=\"lazy\"><\/span><div class=\"x-text x-text-headline e968-e62 mqw-1r mqw-1s mqw-1t mqw-1w mqw-23 mqw-2b\"><div class=\"x-text-content\"><div class=\"x-text-content-text\"><h3 class=\"x-text-content-text-primary\">Sostenibilidad y respeto al medio ambiente<\/h3>\n<\/div><\/div><\/div><div class=\"x-text x-content e968-e63 mqw-2c mqw-2d mqw-2e mqw-2g mqw-2i mqw-2j\">Al alquilar una bicicleta el\u00e9ctrica, contribuyes a la reducci\u00f3n de emisiones de carbono, ayudando a preservar la belleza natural de Formentera y su biodiversidad \u00fanica.<\/div><\/div><div class=\"x-col e968-e64 mqw-18 mqw-19 mqw-1e mqw-1f mqw-1j\"><span class=\"x-image e968-e65 mqw-1m mqw-1n mqw-1o mqw-1q\"><img decoding=\"async\" src=\"https:\/\/bluemobility.formenteralines.com\/wp-content\/uploads\/2024\/08\/img10.jpg\" width=\"450\" height=\"300\" alt=\"Image\" loading=\"lazy\"><\/span><div class=\"x-text x-text-headline e968-e66 mqw-1r mqw-1s mqw-1t mqw-1w mqw-23 mqw-2b\"><div class=\"x-text-content\"><div class=\"x-text-content-text\"><h3 class=\"x-text-content-text-primary\">Comodidad y accesibilidad<\/h3>\n<\/div><\/div><\/div><div class=\"x-text x-content e968-e67 mqw-2c mqw-2d mqw-2e mqw-2g mqw-2i mqw-2j\">Las bicicletas el\u00e9ctricas facilitan recorrer la isla sin esfuerzo, permiti\u00e9ndote explorar m\u00e1s lugares en menos tiempo y sin agotarte, ideal para todas las edades y niveles de condici\u00f3n f\u00edsica.<\/div><\/div><div class=\"x-col e968-e68 mqw-18 mqw-19 mqw-1e mqw-1f mqw-1j\"><span class=\"x-image e968-e69 mqw-1m mqw-1n mqw-1o mqw-1q\"><img decoding=\"async\" src=\"https:\/\/bluemobility.formenteralines.com\/wp-content\/uploads\/2024\/08\/environmental-conservation-garden-children-1920x1280-1.jpg\" width=\"960\" height=\"640\" alt=\"Image\" loading=\"lazy\"><\/span><div class=\"x-text x-text-headline e968-e70 mqw-1r mqw-1s mqw-1t mqw-1w mqw-23 mqw-2b\"><div class=\"x-text-content\"><div class=\"x-text-content-text\"><h3 class=\"x-text-content-text-primary\">Experiencia \n<\/br>inmersiva<\/h3>\n<\/div><\/div><\/div><div class=\"x-text x-content e968-e71 mqw-2c mqw-2d mqw-2e mqw-2g mqw-2i mqw-2j\">Al moverte en bicicleta, puedes disfrutar de la naturaleza y los paisajes de Formentera de una manera m\u00e1s cercana y aut\u00e9ntica, accediendo a rincones escondidos y playas secretas que no son accesibles en coche.<\/div><\/div><\/div><\/div><\/div><\/div><\/div><\/div><div class=\"x-section x-hide-lg x-hide-md x-hide-xl e968-e72 mqw-0 mqw-3 mqw-9 mqw-c\"><div class=\"x-row x-container max width e968-e73 mqw-e mqw-g mqw-h mqw-k mqw-n mqw-11\"><div class=\"x-row-inner\"><div class=\"x-col e968-e74 mqw-18 mqw-19 mqw-1a mqw-1d\"><div class=\"x-row e968-e75 mqw-e mqw-g mqw-h mqw-k mqw-n mqw-12\"><div class=\"x-row-inner\"><div class=\"x-col e968-e76 mqw-18 mqw-19 mqw-1a mqw-1d\"><div class=\"x-text x-text-headline e968-e77 mqw-1r mqw-1u mqw-1z mqw-20 mqw-21 mqw-22 mqw-26 mqw-27 mqw-2a\"><div class=\"x-text-content\"><div class=\"x-text-content-text\"><h2 class=\"x-text-content-text-primary\">Blue Mobility<\/h2>\n<\/div><\/div><\/div><\/div><\/div><\/div><div class=\"x-row e968-e78 mqw-e mqw-g mqw-h mqw-k mqw-m mqw-n mqw-13\"><div class=\"x-row-inner\"><div class=\"x-col e968-e79 mqw-18 mqw-19 mqw-1e mqw-1f mqw-1j\"><span class=\"x-image e968-e80 mqw-1m mqw-1n mqw-1o mqw-1q\"><img decoding=\"async\" src=\"https:\/\/bluemobility.formenteralines.com\/wp-content\/uploads\/2024\/08\/earth-globe-surrounded-by-hands-1920x1281-1.jpg\" width=\"960\" height=\"640\" alt=\"Image\" loading=\"lazy\"><\/span><div class=\"x-text x-text-headline e968-e81 mqw-1r mqw-1s mqw-1t mqw-1w mqw-23 mqw-2b\"><div class=\"x-text-content\"><div class=\"x-text-content-text\"><h3 class=\"x-text-content-text-primary\">Sostenibilidad y respeto al medio ambiente<\/h3>\n<\/div><\/div><\/div><div class=\"x-text x-content e968-e82 mqw-2c mqw-2d mqw-2e mqw-2g mqw-2i mqw-2j\">Al alquilar una bicicleta el\u00e9ctrica, contribuyes a la reducci\u00f3n de emisiones de carbono, ayudando a preservar la belleza natural de Formentera y su biodiversidad \u00fanica.<\/div><\/div><div class=\"x-col e968-e83 mqw-18 mqw-19 mqw-1e mqw-1f mqw-1j\"><span class=\"x-image e968-e84 mqw-1m mqw-1n mqw-1o mqw-1q\"><img decoding=\"async\" src=\"https:\/\/bluemobility.formenteralines.com\/wp-content\/uploads\/2024\/08\/img10.jpg\" width=\"450\" height=\"300\" alt=\"Image\" loading=\"lazy\"><\/span><div class=\"x-text x-text-headline e968-e85 mqw-1r mqw-1s mqw-1t mqw-1w mqw-23 mqw-2b\"><div class=\"x-text-content\"><div class=\"x-text-content-text\"><h3 class=\"x-text-content-text-primary\">Comodidad y accesibilidad<\/h3>\n<\/div><\/div><\/div><div class=\"x-text x-content e968-e86 mqw-2c mqw-2d mqw-2e mqw-2g mqw-2i mqw-2j\">Las bicicletas el\u00e9ctricas facilitan recorrer la isla sin esfuerzo, permiti\u00e9ndote explorar m\u00e1s lugares en menos tiempo y sin agotarte, ideal para todas las edades y niveles de condici\u00f3n f\u00edsica.<\/div><\/div><div class=\"x-col e968-e87 mqw-18 mqw-19 mqw-1e mqw-1f mqw-1j\"><span class=\"x-image e968-e88 mqw-1m mqw-1n mqw-1o mqw-1q\"><img decoding=\"async\" src=\"https:\/\/bluemobility.formenteralines.com\/wp-content\/uploads\/2024\/08\/environmental-conservation-garden-children-1920x1280-1.jpg\" width=\"960\" height=\"640\" alt=\"Image\" loading=\"lazy\"><\/span><div class=\"x-text x-text-headline e968-e89 mqw-1r mqw-1s mqw-1t mqw-1w mqw-23 mqw-2b\"><div class=\"x-text-content\"><div class=\"x-text-content-text\"><h3 class=\"x-text-content-text-primary\">Experiencia \n<\/br>inmersiva<\/h3>\n<\/div><\/div><\/div><div class=\"x-text x-content e968-e90 mqw-2c mqw-2d mqw-2e mqw-2g mqw-2i mqw-2j\">Al moverte en bicicleta, puedes disfrutar de la naturaleza y los paisajes de Formentera de una manera m\u00e1s cercana y aut\u00e9ntica, accediendo a rincones escondidos y playas secretas que no son accesibles en coche.<\/div><\/div><\/div><\/div><\/div><\/div><\/div><\/div><div class=\"x-section x-hide-sm x-hide-xs e968-e91 mqw-0 mqw-3 mqw-7 mqw-8 mqw-9\" id=\"bluemobility\"><span class=\"x-separator-top-curve-out\" style=\"top: 0px; height: 50px; color: #3f8bb6;\" aria-hidden=\"true\"><svg class=\"curve-top-out\" style=\"fill: currentColor;\" xmlns=\"http:\/\/www.w3.org\/2000\/svg\" version=\"1.1\" viewBox=\"0 0 100 50\" preserveAspectRatio=\"none\"><path d=\"M0,50C0,50,22.4,0,50,0s50,50,50,50\"\/><\/svg><\/span><div class=\"x-row x-container max width e968-e92 mqw-e mqw-g mqw-j mqw-k mqw-l mqw-n mqw-14\"><div class=\"x-row-inner\"><div class=\"x-col e968-e93 mqw-18 mqw-19 mqw-1a mqw-1d mqw-1e\"><span class=\"x-image x-hide-sm x-hide-xs e968-e94 mqw-1l mqw-1m mqw-1n mqw-1o mqw-1p\"><img decoding=\"async\" src=\"https:\/\/bluemobility.formenteralines.com\/wp-content\/uploads\/2024\/08\/t.png\" width=\"540\" height=\"540\" alt=\"Image\" loading=\"lazy\"><\/span><\/div><div class=\"x-col e968-e95 mqw-18 mqw-19 mqw-1a mqw-1d\"><div class=\"x-text x-text-headline e968-e96 mqw-1r mqw-1t mqw-1u mqw-1v mqw-1w mqw-20 mqw-23 mqw-24\"><div class=\"x-text-content\"><div class=\"x-text-content-text\"><h2 class=\"x-text-content-text-primary\">Condiciones generales<\/h2>\n<\/div><\/div><\/div><div class=\"x-text x-content e968-e97 mqw-2d mqw-2e mqw-2i mqw-2j mqw-2k mqw-2l\"><ul>\n \t<li><em>La entrega y devoluci\u00f3n se har\u00e1 en los siguientes horarios: 09.00-20.00<\/em>\n<\/li><br \/>\n \t<li><em>Entrega de los veh\u00edculos hasta las 12h, en caso de llegar despu\u00e9s de este horario el cliente con reserva tiene que avisar ya que no queda garantizada la disponibilidad.<\/em>\n<\/li><br \/>\n \t<li><em>La bici incluida en el pack es una bici el\u00e9ctrica homologada para 1 persona, con candado, por la cual se pide un dep\u00f3sito de 160,00 \u20ac en concepto de fianza (no aceptamos fianzas en efectivo).<\/em>\n<\/li><br \/>\n \t<li><em>Para formalizar el alquiler es imprescindible una tarjeta de cr\u00e9dito\/d\u00e9bito donde se efectuar\u00e1 un bloqueo en concepto de fianza y un documento de identificaci\u00f3n oficial.<\/em>\n<\/li><br \/>\n \t<li><em>No se admiten reservas con ni\u00f1os menores de 12 a\u00f1os.<\/em><br \/>\n<\/li><br \/>\n \t<li><em>No hay disponibilidad de sillas para bebes ni bicicletas para ni\u00f1os peque\u00f1os.<\/em><\/li>\n<\/ul><\/div><a class=\"x-anchor x-anchor-button e968-e98 mqw-2n\" tabindex=\"0\" href=\"https:\/\/bluemobility.formenteralines.com\/wp-content\/uploads\/2025\/05\/condiciones-bicis-electricas-formotor-ES-IT-EN-CA.pdf\" target=\"_blank\" rel=\"noopener noreferrer\"><div class=\"x-anchor-content\"><div class=\"x-anchor-text\"><span class=\"x-anchor-text-primary\">Ver condiciones<\/span><\/div><\/div><\/a><\/div><\/div><\/div><\/div><div class=\"x-section x-hide-lg x-hide-md x-hide-xl e968-e99 mqw-0 mqw-3 mqw-7 mqw-8 mqw-9\"><span class=\"x-separator-top-curve-out\" style=\"top: 0px; height: 50px; color: #3f8bb6;\" aria-hidden=\"true\"><svg class=\"curve-top-out\" style=\"fill: currentColor;\" xmlns=\"http:\/\/www.w3.org\/2000\/svg\" version=\"1.1\" viewBox=\"0 0 100 50\" preserveAspectRatio=\"none\"><path d=\"M0,50C0,50,22.4,0,50,0s50,50,50,50\"\/><\/svg><\/span><div class=\"x-row x-container max width e968-e100 mqw-e mqw-g mqw-j mqw-k mqw-l mqw-n mqw-15\"><div class=\"x-row-inner\"><div class=\"x-col e968-e101 mqw-18 mqw-19 mqw-1a mqw-1d mqw-1e\"><span class=\"x-image x-hide-sm x-hide-xs e968-e102 mqw-1l mqw-1m mqw-1n mqw-1o mqw-1p\"><img decoding=\"async\" src=\"https:\/\/bluemobility.formenteralines.com\/wp-content\/uploads\/2024\/07\/formenterascooter.png\" width=\"591\" height=\"472\" alt=\"Image\" loading=\"lazy\"><\/span><\/div><div class=\"x-col e968-e103 mqw-18 mqw-19 mqw-1a mqw-1f mqw-1g mqw-1h\"><div class=\"x-text x-text-headline e968-e104 mqw-1r mqw-1t mqw-1u mqw-1v mqw-1w mqw-20 mqw-23 mqw-24\"><div class=\"x-text-content\"><div class=\"x-text-content-text\"><h2 class=\"x-text-content-text-primary\">Condiciones generales<\/h2>\n<\/div><\/div><\/div><div class=\"x-text x-content e968-e105 mqw-2d mqw-2e mqw-2g mqw-2i mqw-2j mqw-2k\"><ul>\n \t<li><em>La entrega y devoluci\u00f3n se har\u00e1 en los siguientes horarios: 09.00-20.00<\/em>\n<\/li><br \/>\n \t<li><em>Entrega de los veh\u00edculos hasta las 12h, en caso de llegar despu\u00e9s de este horario el cliente con reserva tiene que avisar ya que no queda garantizada la disponibilidad.<\/em>\n<\/li><br \/>\n \t<li><em>La bici incluida en el pack es una bici el\u00e9ctrica homologada para 1 persona, con candado, por la cual se pide un dep\u00f3sito de 160,00 \u20ac en concepto de fianza (no aceptamos fianzas en efectivo).<\/em>\n<\/li><br \/>\n \t<li><em>Para formalizar el alquiler es imprescindible una tarjeta de cr\u00e9dito\/d\u00e9bito donde se efectuar\u00e1 un bloqueo en concepto de fianza y un documento de identificaci\u00f3n oficial.<\/em>\n<\/li><br \/>\n \t<li><em>No se admiten reservas con ni\u00f1os menores de 12 a\u00f1os.<\/em><br \/>\n<\/li><br \/>\n \t<li><em>No hay disponibilidad de sillas para bebes ni bicicletas para ni\u00f1os peque\u00f1os.<\/em><\/li>\n<\/ul><\/div><a class=\"x-anchor x-anchor-button e968-e106 mqw-2n\" tabindex=\"0\" href=\"https:\/\/bluemobility.formenteralines.com\/wp-content\/uploads\/2025\/05\/condiciones-bicis-electricas-formotor-ES-IT-EN-CA.pdf\" target=\"_blank\" rel=\"noopener noreferrer\"><div class=\"x-anchor-content\"><div class=\"x-anchor-text\"><span class=\"x-anchor-text-primary\">Ver condiciones<\/span><\/div><\/div><\/a><\/div><\/div><\/div><\/div><div class=\"x-section x-hide-sm x-hide-xs e968-e107 mqw-0 mqw-3 mqw-4 mqw-5 mqw-9 mqw-d\"><div class=\"x-bg\" aria-hidden=\"true\"><div class=\"x-bg-layer-lower-image\"><\/div><\/div><div class=\"x-row x-container max width e968-e108 mqw-e mqw-g mqw-h mqw-k mqw-n mqw-16\"><div class=\"x-row-inner\"><div class=\"x-col e968-e109 mqw-18 mqw-19 mqw-1a mqw-1d\"><hr class=\"x-line e968-e110 mqw-2o mqw-2p\"\/><\/div><\/div><\/div><\/div><div class=\"x-section x-hide-lg x-hide-md x-hide-xl e968-e111 mqw-0 mqw-3 mqw-4 mqw-5 mqw-9 mqw-d\"><div class=\"x-bg\" aria-hidden=\"true\"><div class=\"x-bg-layer-lower-image\"><\/div><\/div><div class=\"x-row x-container max width e968-e112 mqw-e mqw-g mqw-h mqw-k mqw-n mqw-17\"><div class=\"x-row-inner\"><div class=\"x-col e968-e113 mqw-18 mqw-19 mqw-1a mqw-1d\"><hr class=\"x-line e968-e114 mqw-2p mqw-2q\"\/><\/div><\/div><\/div><\/div><\/div>\n","protected":false},"excerpt":{"rendered":"<p>\u00a1Visita Formentera con Blue Mobility! Con nuestra iniciativa de Blue Mobility, podr\u00e1s alquilar una bicicleta el\u00e9ctrica en el puerto de La Savina.Blue Mobility by Formentera Lines \u00a1Visita Formentera con Blue Mobility! Con nuestra iniciativa de Blue Mobility, podr\u00e1s alquilar una bicicleta el\u00e9ctrica en el puerto de La Savina.Blue Mobility Formentera apuesta por la movilidad sostenible para las islas y se &#8230; <\/p>\n<div><a href=\"https:\/\/bluemobility.formenteralines.com\/en\/\" class=\"more-link\">Read More<\/a><\/div>","protected":false},"author":1,"featured_media":0,"parent":0,"menu_order":0,"comment_status":"closed","ping_status":"closed","template":"template-blank-4.php","meta":{"footnotes":""},"class_list":["post-968","page","type-page","status-publish","hentry","no-post-thumbnail"],"yoast_head":"<!-- This site is optimized with the Yoast SEO plugin v27.2 - https:\/\/yoast.com\/product\/yoast-seo-wordpress\/ -->\n<title>Blue Mobility - Blue Mobility<\/title>\n<meta name=\"description\" content=\"Apostamos por la movilidad sostenible para las islas y nos comprometemos con la conservaci\u00f3n del medio ambiente y por la lucha contra el cambio clim\u00e1tico.\" \/>\n<meta name=\"robots\" content=\"index, follow, max-snippet:-1, max-image-preview:large, max-video-preview:-1\" \/>\n<link rel=\"canonical\" href=\"https:\/\/bluemobility.formenteralines.com\/en\/\" \/>\n<meta property=\"og:locale\" content=\"en_GB\" \/>\n<meta property=\"og:type\" content=\"article\" \/>\n<meta property=\"og:title\" content=\"Blue Mobility\" \/>\n<meta property=\"og:description\" content=\"\u00a1Visita Formentera con Blue Mobility!\" \/>\n<meta property=\"og:url\" content=\"https:\/\/bluemobility.formenteralines.com\/en\/\" \/>\n<meta property=\"og:site_name\" content=\"Blue Mobility\" \/>\n<meta property=\"article:modified_time\" content=\"2025-11-26T08:43:13+00:00\" \/>\n<meta property=\"og:image\" content=\"https:\/\/bluemobility.formenteralines.com\/wp-content\/uploads\/2024\/08\/img10.jpg\" \/>\n\t<meta property=\"og:image:width\" content=\"900\" \/>\n\t<meta property=\"og:image:height\" content=\"600\" \/>\n\t<meta property=\"og:image:type\" content=\"image\/jpeg\" \/>\n<meta name=\"twitter:card\" content=\"summary_large_image\" \/>\n<meta name=\"twitter:label1\" content=\"Estimated reading time\" \/>\n\t<meta name=\"twitter:data1\" content=\"5 minutes\" \/>\n<script type=\"application\/ld+json\" class=\"yoast-schema-graph\">{\"@context\":\"https:\/\/schema.org\",\"@graph\":[{\"@type\":\"WebPage\",\"@id\":\"https:\/\/bluemobility.formenteralines.com\/\",\"url\":\"https:\/\/bluemobility.formenteralines.com\/\",\"name\":\"Blue Mobility - Blue Mobility\",\"isPartOf\":{\"@id\":\"https:\/\/bluemobility.formenteralines.com\/#website\"},\"datePublished\":\"2024-07-16T08:10:24+00:00\",\"dateModified\":\"2025-11-26T08:43:13+00:00\",\"description\":\"Apostamos por la movilidad sostenible para las islas y nos comprometemos con la conservaci\u00f3n del medio ambiente y por la lucha contra el cambio clim\u00e1tico.\",\"breadcrumb\":{\"@id\":\"https:\/\/bluemobility.formenteralines.com\/#breadcrumb\"},\"inLanguage\":\"en-GB\",\"potentialAction\":[{\"@type\":\"ReadAction\",\"target\":[\"https:\/\/bluemobility.formenteralines.com\/\"]}]},{\"@type\":\"BreadcrumbList\",\"@id\":\"https:\/\/bluemobility.formenteralines.com\/#breadcrumb\",\"itemListElement\":[{\"@type\":\"ListItem\",\"position\":1,\"name\":\"Portada\",\"item\":\"https:\/\/bluemobility.formenteralines.com\/\"},{\"@type\":\"ListItem\",\"position\":2,\"name\":\"Blue Mobility\"}]},{\"@type\":\"WebSite\",\"@id\":\"https:\/\/bluemobility.formenteralines.com\/#website\",\"url\":\"https:\/\/bluemobility.formenteralines.com\/\",\"name\":\"Blue Mobility\",\"description\":\"\u00a1Visita Formentera con Blue Mobility!\",\"potentialAction\":[{\"@type\":\"SearchAction\",\"target\":{\"@type\":\"EntryPoint\",\"urlTemplate\":\"https:\/\/bluemobility.formenteralines.com\/?s={search_term_string}\"},\"query-input\":{\"@type\":\"PropertyValueSpecification\",\"valueRequired\":true,\"valueName\":\"search_term_string\"}}],\"inLanguage\":\"en-GB\"}]}<\/script>\n<!-- \/ Yoast SEO plugin. -->","yoast_head_json":{"title":"Blue Mobility - Blue Mobility","description":"Apostamos por la movilidad sostenible para las islas y nos comprometemos con la conservaci\u00f3n del medio ambiente y por la lucha contra el cambio clim\u00e1tico.","robots":{"index":"index","follow":"follow","max-snippet":"max-snippet:-1","max-image-preview":"max-image-preview:large","max-video-preview":"max-video-preview:-1"},"canonical":"https:\/\/bluemobility.formenteralines.com\/en\/","og_locale":"en_GB","og_type":"article","og_title":"Blue Mobility","og_description":"\u00a1Visita Formentera con Blue Mobility!","og_url":"https:\/\/bluemobility.formenteralines.com\/en\/","og_site_name":"Blue Mobility","article_modified_time":"2025-11-26T08:43:13+00:00","og_image":[{"width":900,"height":600,"url":"https:\/\/bluemobility.formenteralines.com\/wp-content\/uploads\/2024\/08\/img10.jpg","type":"image\/jpeg"}],"twitter_card":"summary_large_image","twitter_misc":{"Estimated reading time":"5 minutes"},"schema":{"@context":"https:\/\/schema.org","@graph":[{"@type":"WebPage","@id":"https:\/\/bluemobility.formenteralines.com\/","url":"https:\/\/bluemobility.formenteralines.com\/","name":"Blue Mobility - Blue Mobility","isPartOf":{"@id":"https:\/\/bluemobility.formenteralines.com\/#website"},"datePublished":"2024-07-16T08:10:24+00:00","dateModified":"2025-11-26T08:43:13+00:00","description":"Apostamos por la movilidad sostenible para las islas y nos comprometemos con la conservaci\u00f3n del medio ambiente y por la lucha contra el cambio clim\u00e1tico.","breadcrumb":{"@id":"https:\/\/bluemobility.formenteralines.com\/#breadcrumb"},"inLanguage":"en-GB","potentialAction":[{"@type":"ReadAction","target":["https:\/\/bluemobility.formenteralines.com\/"]}]},{"@type":"BreadcrumbList","@id":"https:\/\/bluemobility.formenteralines.com\/#breadcrumb","itemListElement":[{"@type":"ListItem","position":1,"name":"Portada","item":"https:\/\/bluemobility.formenteralines.com\/"},{"@type":"ListItem","position":2,"name":"Blue Mobility"}]},{"@type":"WebSite","@id":"https:\/\/bluemobility.formenteralines.com\/#website","url":"https:\/\/bluemobility.formenteralines.com\/","name":"Blue Mobility\u200e","description":"Visit Formentera with Blue Mobility!","potentialAction":[{"@type":"SearchAction","target":{"@type":"EntryPoint","urlTemplate":"https:\/\/bluemobility.formenteralines.com\/?s={search_term_string}"},"query-input":{"@type":"PropertyValueSpecification","valueRequired":true,"valueName":"search_term_string"}}],"inLanguage":"en-GB"}]}},"_links":{"self":[{"href":"https:\/\/bluemobility.formenteralines.com\/en\/wp-json\/wp\/v2\/pages\/968","targetHints":{"allow":["GET"]}}],"collection":[{"href":"https:\/\/bluemobility.formenteralines.com\/en\/wp-json\/wp\/v2\/pages"}],"about":[{"href":"https:\/\/bluemobility.formenteralines.com\/en\/wp-json\/wp\/v2\/types\/page"}],"author":[{"embeddable":true,"href":"https:\/\/bluemobility.formenteralines.com\/en\/wp-json\/wp\/v2\/users\/1"}],"replies":[{"embeddable":true,"href":"https:\/\/bluemobility.formenteralines.com\/en\/wp-json\/wp\/v2\/comments?post=968"}],"version-history":[{"count":61,"href":"https:\/\/bluemobility.formenteralines.com\/en\/wp-json\/wp\/v2\/pages\/968\/revisions"}],"predecessor-version":[{"id":1176,"href":"https:\/\/bluemobility.formenteralines.com\/en\/wp-json\/wp\/v2\/pages\/968\/revisions\/1176"}],"wp:attachment":[{"href":"https:\/\/bluemobility.formenteralines.com\/en\/wp-json\/wp\/v2\/media?parent=968"}],"curies":[{"name":"wp","href":"https:\/\/api.w.org\/{rel}","templated":true}]}}